{"id":1593,"date":"2013-12-31T11:37:10","date_gmt":"2013-12-31T09:37:10","guid":{"rendered":"http:\/\/krecklow.de\/goalunited\/?page_id=1593"},"modified":"2015-09-21T11:38:10","modified_gmt":"2015-09-21T09:38:10","slug":"nr-21-nuti","status":"publish","type":"page","link":"https:\/\/krecklow.de\/goalunited\/transfers\/verkaeufe\/nr-21-nuti\/","title":{"rendered":"Nr. 77 &#8211; Nuti"},"content":{"rendered":"<p>Unsere Nummer 22:<\/p>\n<p>Nuti wurde am 31.12. f\u00fcr 5,5 Mio aus Italien verpflichtet und wird Stache bei den Freist\u00f6\u00dfen unterst\u00fctzen. Er ist flexibel einsetzbar und beidf\u00fc\u00dfig.<\/p>\n<p>Seine Skills zum Geburtstag:<\/p>\n<table width=\"630\">\n<tbody>\n<tr>\n<td width=\"80\">Nuti<\/td>\n<td width=\"70\">flex<\/td>\n<td width=\"34\">18<\/td>\n<td width=\"31\">10<\/td>\n<td width=\"26\">3<\/td>\n<td width=\"23\">14<\/td>\n<td width=\"31\">24<\/td>\n<td width=\"23\">44<\/td>\n<td width=\"23\">21<\/td>\n<td width=\"63\">103<\/td>\n<td width=\"86\">103<\/td>\n<td width=\"35\">14<\/td>\n<td width=\"36\">24<\/td>\n<td width=\"33\">44<\/td>\n<td width=\"36\">21<\/td>\n<\/tr>\n<tr>\n<td>Nuti<\/td>\n<td>flex<\/td>\n<td>19<\/td>\n<td>12<\/td>\n<td>3<\/td>\n<td>41<\/td>\n<td>34<\/td>\n<td>49<\/td>\n<td>28<\/td>\n<td>152<\/td>\n<td>49<\/td>\n<td>27<\/td>\n<td>10<\/td>\n<td>5<\/td>\n<td>7<\/td>\n<\/tr>\n<tr>\n<td>Nuti<\/td>\n<td>flex<\/td>\n<td>20<\/td>\n<td>15<\/td>\n<td>3<\/td>\n<td>60<\/td>\n<td>43<\/td>\n<td>54<\/td>\n<td>38<\/td>\n<td>195<\/td>\n<td>43<\/td>\n<td>19<\/td>\n<td>9<\/td>\n<td>5<\/td>\n<td>10<\/td>\n<\/tr>\n<tr>\n<td>Nuti<\/td>\n<td>flex<\/td>\n<td>21<\/td>\n<td>18<\/td>\n<td>3<\/td>\n<td>64<\/td>\n<td>52<\/td>\n<td>61<\/td>\n<td>59<\/td>\n<td>236<\/td>\n<td>41<\/td>\n<td>4<\/td>\n<td>9<\/td>\n<td>7<\/td>\n<td>21<\/td>\n<\/tr>\n<tr>\n<td>Nuti<\/td>\n<td>flex<\/td>\n<td>22<\/td>\n<td>20<\/td>\n<td>3<\/td>\n<td>70<\/td>\n<td>64<\/td>\n<td>70<\/td>\n<td>71<\/td>\n<td>275<\/td>\n<td>39<\/td>\n<td>6<\/td>\n<td>12<\/td>\n<td>9<\/td>\n<td>12<\/td>\n<\/tr>\n<tr>\n<td>Nuti<\/td>\n<td>flex<\/td>\n<td>23<\/td>\n<td>23<\/td>\n<td>3<\/td>\n<td>80<\/td>\n<td>71<\/td>\n<td>77<\/td>\n<td>80<\/td>\n<td>308<\/td>\n<td>33<\/td>\n<td>10<\/td>\n<td>7<\/td>\n<td>7<\/td>\n<td>9<\/td>\n<\/tr>\n<\/tbody>\n<\/table>\n<p>15.05.2015<\/p>\n<p><a href=\"https:\/\/krecklow.de\/goalunited\/wp-content\/uploads\/2013\/12\/2015-05-15_095420.png\"><img loading=\"lazy\" decoding=\"async\" class=\"aligncenter size-full wp-image-2544\" src=\"https:\/\/krecklow.de\/goalunited\/wp-content\/uploads\/2013\/12\/2015-05-15_095420.png\" alt=\"2015-05-15_095420\" width=\"554\" height=\"629\" srcset=\"https:\/\/krecklow.de\/goalunited\/wp-content\/uploads\/2013\/12\/2015-05-15_095420.png 554w, https:\/\/krecklow.de\/goalunited\/wp-content\/uploads\/2013\/12\/2015-05-15_095420-264x300.png 264w\" sizes=\"auto, (max-width: 554px) 100vw, 554px\" \/><\/a><\/p>\n<p>23.12.2014<\/p>\n<p><a href=\"https:\/\/krecklow.de\/goalunited\/wp-content\/uploads\/2013\/12\/28.jpg\"><img loading=\"lazy\" decoding=\"async\" class=\"aligncenter size-full wp-image-2068\" src=\"https:\/\/krecklow.de\/goalunited\/wp-content\/uploads\/2013\/12\/28.jpg\" alt=\"28\" width=\"570\" height=\"642\" srcset=\"https:\/\/krecklow.de\/goalunited\/wp-content\/uploads\/2013\/12\/28.jpg 570w, https:\/\/krecklow.de\/goalunited\/wp-content\/uploads\/2013\/12\/28-266x300.jpg 266w\" sizes=\"auto, (max-width: 570px) 100vw, 570px\" \/><\/a><\/p>\n<p><a href=\"https:\/\/krecklow.de\/goalunited\/wp-content\/uploads\/2013\/12\/2013-12-31_103324.png\"><img loading=\"lazy\" decoding=\"async\" class=\"aligncenter size-full wp-image-1591\" src=\"https:\/\/krecklow.de\/goalunited\/wp-content\/uploads\/2013\/12\/2013-12-31_103324.png\" alt=\"2013-12-31_103324\" width=\"617\" height=\"685\" srcset=\"https:\/\/krecklow.de\/goalunited\/wp-content\/uploads\/2013\/12\/2013-12-31_103324.png 617w, https:\/\/krecklow.de\/goalunited\/wp-content\/uploads\/2013\/12\/2013-12-31_103324-270x300.png 270w\" sizes=\"auto, (max-width: 617px) 100vw, 617px\" \/><\/a><\/p>\n","protected":false},"excerpt":{"rendered":"<p>Unsere Nummer 22: Nuti wurde am 31.12. f\u00fcr 5,5 Mio aus Italien verpflichtet und wird Stache bei den Freist\u00f6\u00dfen unterst\u00fctzen. Er ist flexibel einsetzbar und beidf\u00fc\u00dfig. Seine Skills zum Geburtstag: Nuti flex 18 10 3 14 24 44 21 103 &hellip; <a href=\"https:\/\/krecklow.de\/goalunited\/transfers\/verkaeufe\/nr-21-nuti\/\">Weiterlesen <span class=\"meta-nav\">&rarr;<\/span><\/a><\/p>\n","protected":false},"author":2,"featured_media":0,"parent":1286,"menu_order":0,"comment_status":"open","ping_status":"closed","template":"","meta":{"footnotes":""},"class_list":["post-1593","page","type-page","status-publish","hentry"],"aioseo_notices":[],"_links":{"self":[{"href":"https:\/\/krecklow.de\/goalunited\/wp-json\/wp\/v2\/pages\/1593","targetHints":{"allow":["GET"]}}],"collection":[{"href":"https:\/\/krecklow.de\/goalunited\/wp-json\/wp\/v2\/pages"}],"about":[{"href":"https:\/\/krecklow.de\/goalunited\/wp-json\/wp\/v2\/types\/page"}],"author":[{"embeddable":true,"href":"https:\/\/krecklow.de\/goalunited\/wp-json\/wp\/v2\/users\/2"}],"replies":[{"embeddable":true,"href":"https:\/\/krecklow.de\/goalunited\/wp-json\/wp\/v2\/comments?post=1593"}],"version-history":[{"count":11,"href":"https:\/\/krecklow.de\/goalunited\/wp-json\/wp\/v2\/pages\/1593\/revisions"}],"predecessor-version":[{"id":2644,"href":"https:\/\/krecklow.de\/goalunited\/wp-json\/wp\/v2\/pages\/1593\/revisions\/2644"}],"up":[{"embeddable":true,"href":"https:\/\/krecklow.de\/goalunited\/wp-json\/wp\/v2\/pages\/1286"}],"wp:attachment":[{"href":"https:\/\/krecklow.de\/goalunited\/wp-json\/wp\/v2\/media?parent=1593"}],"curies":[{"name":"wp","href":"https:\/\/api.w.org\/{rel}","templated":true}]}}